{"id":58,"date":"2017-07-27T23:47:37","date_gmt":"2017-07-27T22:47:37","guid":{"rendered":"http:\/\/www.formula.pt\/cms\/?page_id=58"},"modified":"2025-08-14T17:49:34","modified_gmt":"2025-08-14T16:49:34","slug":"ferias-divertidas","status":"publish","type":"page","link":"https:\/\/www.formula.pt\/cms\/","title":{"rendered":"Super F\u00e9rias 2025"},"content":{"rendered":"\n<div class=\"wp-block-buttons is-layout-flex wp-block-buttons-is-layout-flex\">\n<div class=\"wp-block-button\"><a class=\"wp-block-button__link wp-element-button\" href=\"https:\/\/www.formula.pt\/cms\/super-ferias-form-2025\/\" target=\"_blank\" rel=\"noreferrer noopener\">INSCREVA-SE<\/a><\/div>\n<\/div>\n\n\n<h2 style=\"text-align: center;\"><a href=\"https:\/\/www.formula.pt\/cms\/wp-content\/uploads\/2024\/05\/SUPER-FERIAS-2024.png\">Ocupa\u00e7\u00e3o de Tempos Livres<\/a><\/h2>\n<h2 style=\"text-align: center;\"><a href=\"https:\/\/www.formula.pt\/cms\/wp-content\/uploads\/2024\/05\/SUPER-FERIAS-2024.png\">Rob\u00f3tica &#8211; IA<\/a><\/h2>\n<div style=\"width: 1920px;\" class=\"wp-video\"><video class=\"wp-video-shortcode\" id=\"video-58-1\" width=\"1920\" height=\"1080\" autoplay preload=\"auto\" controls=\"controls\"><source type=\"video\/mp4\" src=\"https:\/\/www.formula.pt\/cms\/wp-content\/uploads\/2024\/08\/Robotica-2024.mp4?_=1\" \/><a href=\"https:\/\/www.formula.pt\/cms\/wp-content\/uploads\/2024\/08\/Robotica-2024.mp4\">https:\/\/www.formula.pt\/cms\/wp-content\/uploads\/2024\/08\/Robotica-2024.mp4<\/a><\/video><\/div>\n<h1 style=\"text-align: center;\"><a href=\"https:\/\/www.formula.pt\/cms\/wp-content\/uploads\/2025\/08\/atl-Verao-2025.png\"><img loading=\"lazy\" decoding=\"async\" class=\"aligncenter wp-image-1485 size-full\" src=\"https:\/\/www.formula.pt\/cms\/wp-content\/uploads\/2025\/08\/atl-Verao-2025.png\" alt=\"\" width=\"813\" height=\"1151\" srcset=\"https:\/\/www.formula.pt\/cms\/wp-content\/uploads\/2025\/08\/atl-Verao-2025.png 813w, https:\/\/www.formula.pt\/cms\/wp-content\/uploads\/2025\/08\/atl-Verao-2025-212x300.png 212w, https:\/\/www.formula.pt\/cms\/wp-content\/uploads\/2025\/08\/atl-Verao-2025-723x1024.png 723w, https:\/\/www.formula.pt\/cms\/wp-content\/uploads\/2025\/08\/atl-Verao-2025-768x1087.png 768w\" sizes=\"auto, (max-width: 813px) 100vw, 813px\" \/><\/a><\/h1>\n<p>A ocupa\u00e7\u00e3o de tempo livres pode ser frequentada da parte da tarde (das 14h \u00e0s 17h) ou manh\u00e3 e tarde (das 10h \u00e0s 11h50 e das 14h \u00e0s 17h). Contacte-nos se pretende participar no ATL utilizando um hor\u00e1rio mais alargado\u00a0 (9h \u00e0s 18h) e incluir o almo\u00e7o!<\/p>\n<p>Neste campo de f\u00e9rias fazemos visitas de estudo pela manh\u00e3 que servem de inspira\u00e7\u00e3o para os projetos de rob\u00f3tica de tarde.<\/p>\n<h2>Oficinas de Rob\u00f3tica &#8211; Tardes<\/h2>\n<h2><a href=\"https:\/\/www.formula.pt\/cms\/wp-content\/uploads\/2019\/04\/FT_Drone_MAMBO.jpg\"><img loading=\"lazy\" decoding=\"async\" class=\"aligncenter wp-image-93\" src=\"https:\/\/www.formula.pt\/cms\/wp-content\/uploads\/2019\/04\/FT_Drone_MAMBO-1024x769.jpg\" alt=\"\" width=\"525\" height=\"394\" srcset=\"https:\/\/www.formula.pt\/cms\/wp-content\/uploads\/2019\/04\/FT_Drone_MAMBO-1024x769.jpg 1024w, https:\/\/www.formula.pt\/cms\/wp-content\/uploads\/2019\/04\/FT_Drone_MAMBO-300x225.jpg 300w, https:\/\/www.formula.pt\/cms\/wp-content\/uploads\/2019\/04\/FT_Drone_MAMBO-768x577.jpg 768w, https:\/\/www.formula.pt\/cms\/wp-content\/uploads\/2019\/04\/FT_Drone_MAMBO.jpg 1404w\" sizes=\"auto, (max-width: 525px) 100vw, 525px\" \/><\/a><\/h2>\n<p>Este ver\u00e3o dedicaremos as oficinas ao tema de intelig\u00eancia artificial (IA). Haver\u00e1 projetos com Microbit e Scratch neste dom\u00ednio e exploraremos outras ferramentas de IA. Falaremos acerca da sua utiliza\u00e7\u00e3o respons\u00e1vel e do seu funcionamento.<br \/>No dom\u00ednio da programa\u00e7\u00e3o teremos v\u00e1rias kits de rob\u00f3tica \u00e0 disposi\u00e7\u00e3o:<\/p>\n<p>Vem descobrir o kit de rob\u00f3tica <em><strong>Lego WeDo 2.0<\/strong><\/em>! Com este kit, podes divertir-te muito e, ao mesmo tempo, desenvolver a tua capacidade de comunica\u00e7\u00e3o, de trabalho de equipa, de resolu\u00e7\u00e3o de problemas e de pensamento l\u00f3gico. Idade recomendada: 7+ anos.<\/p>\n<div style=\"width: 854px;\" class=\"wp-video\"><video class=\"wp-video-shortcode\" id=\"video-58-2\" width=\"854\" height=\"480\" preload=\"metadata\" controls=\"controls\"><source type=\"video\/mp4\" src=\"https:\/\/www.formula.pt\/cms\/wp-content\/uploads\/2019\/04\/VID_WeDo_Com_M\u00fasica.mp4?_=2\" \/><a href=\"https:\/\/www.formula.pt\/cms\/wp-content\/uploads\/2019\/04\/VID_WeDo_Com_M\u00fasica.mp4\">https:\/\/www.formula.pt\/cms\/wp-content\/uploads\/2019\/04\/VID_WeDo_Com_M\u00fasica.mp4<\/a><\/video><\/div>\n<p><em><strong>Frankie, The Cat<\/strong><\/em> \u00e9 um dos nossos rob\u00f4s para a ocupa\u00e7\u00e3o de tempos livres do ver\u00e3o! Incr\u00edvel aquilo que se consegue fazer com pe\u00e7as Lego, um sensor de cor e um par de motores&#8230;<\/p>\n<div style=\"width: 1280px;\" class=\"wp-video\"><video class=\"wp-video-shortcode\" id=\"video-58-3\" width=\"1280\" height=\"720\" preload=\"metadata\" controls=\"controls\"><source type=\"video\/mp4\" src=\"https:\/\/www.formula.pt\/cms\/wp-content\/uploads\/2019\/04\/VID_20180718_180356.mp4?_=3\" \/><a href=\"https:\/\/www.formula.pt\/cms\/wp-content\/uploads\/2019\/04\/VID_20180718_180356.mp4\">https:\/\/www.formula.pt\/cms\/wp-content\/uploads\/2019\/04\/VID_20180718_180356.mp4<\/a><\/video><\/div>\n<p>Sabias que o rob\u00f4 <em><strong>Cozmo<\/strong><\/em> foi inspirado no filme Wall-e da Pixar?<br \/>Vem divertir-te com este rob\u00f4, o \u00fanico com personalidade pr\u00f3pria, que reconhece e interage com o que est\u00e1 \u00e0 sua volta. E o melhor de tudo: \u00e9 capaz de reconhecer v\u00e1rias emo\u00e7\u00f5es!<br \/>Idade recomendada: 8+ anos.<\/p>\n<div style=\"width: 1280px;\" class=\"wp-video\"><video class=\"wp-video-shortcode\" id=\"video-58-4\" width=\"1280\" height=\"720\" preload=\"metadata\" controls=\"controls\"><source type=\"video\/mp4\" src=\"https:\/\/www.formula.pt\/cms\/wp-content\/uploads\/2019\/04\/VID_Cozmo_FB_Trim.mp4?_=4\" \/><a href=\"https:\/\/www.formula.pt\/cms\/wp-content\/uploads\/2019\/04\/VID_Cozmo_FB_Trim.mp4\">https:\/\/www.formula.pt\/cms\/wp-content\/uploads\/2019\/04\/VID_Cozmo_FB_Trim.mp4<\/a><\/video><\/div>\n<p>Queres criar e dar vida ao teu pr\u00f3prio rob\u00f4?<br \/>Isso \u00e9 poss\u00edvel com o <em><strong>Mindstorms EV3<\/strong><\/em>, no nosso campo de f\u00e9rias do ver\u00e3o! Estes rob\u00f4s s\u00e3o capazes de realizar in\u00fameras atividades, como falar, caminhar, jogar ou cumprir tarefas. Idade recomendada: 10+ anos.<\/p>\n<div style=\"width: 1280px;\" class=\"wp-video\"><video class=\"wp-video-shortcode\" id=\"video-58-5\" width=\"1280\" height=\"720\" preload=\"metadata\" controls=\"controls\"><source type=\"video\/mp4\" src=\"https:\/\/www.formula.pt\/cms\/wp-content\/uploads\/2019\/04\/VID_EV3_Trim.mp4?_=5\" \/><a href=\"https:\/\/www.formula.pt\/cms\/wp-content\/uploads\/2019\/04\/VID_EV3_Trim.mp4\">https:\/\/www.formula.pt\/cms\/wp-content\/uploads\/2019\/04\/VID_EV3_Trim.mp4<\/a><\/video><\/div>\n<p>Nestas f\u00e9rias, vem dar asas \u00e0 tua criatividade e imagina\u00e7\u00e3o com o rob\u00f4 <em><strong>AutoConstrutor<\/strong><\/em>, da Lego Boost.<br \/>S\u00e3o v\u00e1rias as combina\u00e7\u00f5es que podes fazer com as pe\u00e7as, os sensores de cor e dist\u00e2ncia e os motores. E, no final, podes interagir com ele. Divers\u00e3o garantida! Idade recomendada: 7+ anos.<\/p>\n<p><a href=\"https:\/\/www.formula.pt\/cms\/wp-content\/uploads\/2019\/04\/FT_AutoConstrutor.jpg\"><img loading=\"lazy\" decoding=\"async\" class=\"aligncenter wp-image-89\" src=\"https:\/\/www.formula.pt\/cms\/wp-content\/uploads\/2019\/04\/FT_AutoConstrutor-1024x668.jpg\" alt=\"\" width=\"525\" height=\"342\" srcset=\"https:\/\/www.formula.pt\/cms\/wp-content\/uploads\/2019\/04\/FT_AutoConstrutor-1024x668.jpg 1024w, https:\/\/www.formula.pt\/cms\/wp-content\/uploads\/2019\/04\/FT_AutoConstrutor-300x196.jpg 300w, https:\/\/www.formula.pt\/cms\/wp-content\/uploads\/2019\/04\/FT_AutoConstrutor-768x501.jpg 768w\" sizes=\"auto, (max-width: 525px) 100vw, 525px\" \/><\/a><\/p>\n<p><strong><em>Code-a-pillar,<\/em><\/strong> um pequeno grande amigo que estimula o racioc\u00ednio l\u00f3gico e a autonomia dos mais pequenos.<br \/>Preparado para aprender a codificar as v\u00e1rias as combina\u00e7\u00f5es de movimentos deste amiguinho? Idade recomendada: dos 3 aos 6 anos.<\/p>\n<p><a href=\"https:\/\/www.formula.pt\/cms\/wp-content\/uploads\/2019\/04\/FT_CodeaPillar.jpg\"><img loading=\"lazy\" decoding=\"async\" class=\"aligncenter wp-image-90\" src=\"https:\/\/www.formula.pt\/cms\/wp-content\/uploads\/2019\/04\/FT_CodeaPillar-1024x1024.jpg\" alt=\"\" width=\"525\" height=\"525\" srcset=\"https:\/\/www.formula.pt\/cms\/wp-content\/uploads\/2019\/04\/FT_CodeaPillar-1024x1024.jpg 1024w, https:\/\/www.formula.pt\/cms\/wp-content\/uploads\/2019\/04\/FT_CodeaPillar-150x150.jpg 150w, https:\/\/www.formula.pt\/cms\/wp-content\/uploads\/2019\/04\/FT_CodeaPillar-300x300.jpg 300w, https:\/\/www.formula.pt\/cms\/wp-content\/uploads\/2019\/04\/FT_CodeaPillar-768x768.jpg 768w, https:\/\/www.formula.pt\/cms\/wp-content\/uploads\/2019\/04\/FT_CodeaPillar-100x100.jpg 100w, https:\/\/www.formula.pt\/cms\/wp-content\/uploads\/2019\/04\/FT_CodeaPillar.jpg 1484w\" sizes=\"auto, (max-width: 525px) 100vw, 525px\" \/><\/a><\/p>\n<p>Queres ser programador por uma semana no nosso campo de f\u00e9rias do ver\u00e3o?<br \/>Com o <em><strong>Scratch<\/strong><\/em> podes criar os teus pr\u00f3prios jogos, rob\u00f4s interativos, m\u00fasicas e muito mais. Idade recomendada: 8+ anos.<\/p>\n<p><a href=\"https:\/\/www.formula.pt\/cms\/wp-content\/uploads\/2019\/04\/FT_Scratch.jpg\"><img loading=\"lazy\" decoding=\"async\" class=\"aligncenter wp-image-91\" src=\"https:\/\/www.formula.pt\/cms\/wp-content\/uploads\/2019\/04\/FT_Scratch.jpg\" alt=\"\" width=\"525\" height=\"296\" srcset=\"https:\/\/www.formula.pt\/cms\/wp-content\/uploads\/2019\/04\/FT_Scratch.jpg 549w, https:\/\/www.formula.pt\/cms\/wp-content\/uploads\/2019\/04\/FT_Scratch-300x169.jpg 300w\" sizes=\"auto, (max-width: 525px) 100vw, 525px\" \/><\/a><\/p>\n<p>Contacte-nos para o n\u00famero 934 351 687 ou atrav\u00e9s do e-mail geral@formula.pt.<\/p>\n<h2>Atividades Matinais<\/h2>\n<p>Para quem prefere o dia todo selecionamos um conjunto de super-atividades para a parte da manh\u00e3 dedicadas \u00e0 ci\u00eancia e \u00e0 tecnologia para inspirar para as ativdades da parte da tarde. <br \/>Come\u00e7amos a semana com jogos de realidade virtual em Another World, e continuamos com visitas ao Parque Biol\u00f3gico de Gaia, Galeria da Biodiversidade e Planet\u00e1rio.<br \/>Haver\u00e1 muitas atividades ao ar livre com jogos divertidos como Kubb, corridas de drones, entre outros. O transporte entre atividades fica a nosso cargo!<\/p>\n<figure id=\"attachment_1276\" aria-describedby=\"caption-attachment-1276\" style=\"width: 1056px\" class=\"wp-caption aligncenter\"><a href=\"https:\/\/www.formula.pt\/cms\/wp-content\/uploads\/2020\/06\/Kubb-Buffalo-NY.jpg\"><img loading=\"lazy\" decoding=\"async\" class=\"wp-image-1276 \" src=\"https:\/\/www.formula.pt\/cms\/wp-content\/uploads\/2020\/06\/Kubb-Buffalo-NY.jpg\" alt=\"\" width=\"1056\" height=\"489\" srcset=\"https:\/\/www.formula.pt\/cms\/wp-content\/uploads\/2020\/06\/Kubb-Buffalo-NY.jpg 948w, https:\/\/www.formula.pt\/cms\/wp-content\/uploads\/2020\/06\/Kubb-Buffalo-NY-300x139.jpg 300w, https:\/\/www.formula.pt\/cms\/wp-content\/uploads\/2020\/06\/Kubb-Buffalo-NY-768x356.jpg 768w\" sizes=\"auto, (max-width: 1056px) 100vw, 1056px\" \/><\/a><figcaption id=\"caption-attachment-1276\" class=\"wp-caption-text\">Kubb \u00e9 um jogo sueco considerado como um dos melhores jogos de relva de todos os tempos<\/figcaption><\/figure>\n\n\n<figure class=\"wp-block-image size-large is-resized\"><a href=\"https:\/\/www.formula.pt\/cms\/wp-content\/uploads\/2024\/08\/IMG_20240806_120214-scaled.jpg\"><img loading=\"lazy\" decoding=\"async\" width=\"1024\" height=\"768\" src=\"https:\/\/www.formula.pt\/cms\/wp-content\/uploads\/2024\/08\/IMG_20240806_120214-1024x768.jpg\" alt=\"Ilus\u00e3o no Museu 3D\" class=\"wp-image-1454\" style=\"width:1055px;height:475px\" srcset=\"https:\/\/www.formula.pt\/cms\/wp-content\/uploads\/2024\/08\/IMG_20240806_120214-1024x768.jpg 1024w, https:\/\/www.formula.pt\/cms\/wp-content\/uploads\/2024\/08\/IMG_20240806_120214-300x225.jpg 300w, https:\/\/www.formula.pt\/cms\/wp-content\/uploads\/2024\/08\/IMG_20240806_120214-768x576.jpg 768w, https:\/\/www.formula.pt\/cms\/wp-content\/uploads\/2024\/08\/IMG_20240806_120214-1536x1152.jpg 1536w, https:\/\/www.formula.pt\/cms\/wp-content\/uploads\/2024\/08\/IMG_20240806_120214-2048x1536.jpg 2048w\" sizes=\"auto, (max-width: 1024px) 100vw, 1024px\" \/><\/a><figcaption class=\"wp-element-caption\">Ilus\u00e3o no Museu 3D<\/figcaption><\/figure>\n\n\n\n<div class=\"inherit-container-width wp-block-group alignwide is-layout-constrained wp-block-group-is-layout-constrained\"><div class=\"wp-block-group__inner-container\">\n<figure class=\"wp-block-image alignfull size-full\" style=\"margin-top:var(--wp--preset--spacing--20);margin-right:var(--wp--preset--spacing--20);margin-bottom:var(--wp--preset--spacing--20);margin-left:var(--wp--preset--spacing--20)\"><img loading=\"lazy\" decoding=\"async\" width=\"768\" height=\"1024\" src=\"https:\/\/www.formula.pt\/cms\/wp-content\/uploads\/2025\/08\/IMG20250814104654.jpg\" alt=\"\" class=\"wp-image-1486\" srcset=\"https:\/\/www.formula.pt\/cms\/wp-content\/uploads\/2025\/08\/IMG20250814104654.jpg 768w, https:\/\/www.formula.pt\/cms\/wp-content\/uploads\/2025\/08\/IMG20250814104654-225x300.jpg 225w\" sizes=\"auto, (max-width: 768px) 100vw, 768px\" \/><figcaption class=\"wp-element-caption\">Jogos de equipa com Realidade Virtual!<\/figcaption><\/figure>\n<\/div><\/div>\n\n\n\n<div class=\"wp-block-buttons is-layout-flex wp-block-buttons-is-layout-flex\">\n<div class=\"wp-block-button\"><a class=\"wp-block-button__link wp-element-button\" href=\"https:\/\/www.formula.pt\/cms\/super-ferias-2024\/\">INSCREVA-SE<\/a><\/div>\n<\/div>\n\n\n\n<p><\/p>\n","protected":false},"excerpt":{"rendered":"<p>Ocupa\u00e7\u00e3o de Tempos Livres Rob\u00f3tica &#8211; IA A ocupa\u00e7\u00e3o de tempo livres pode ser frequentada da parte da tarde (das 14h \u00e0s 17h) ou manh\u00e3 e tarde (das 10h \u00e0s 11h50 e das 14h \u00e0s 17h). Contacte-nos se pretende participar no ATL utilizando um hor\u00e1rio mais alargado\u00a0 (9h \u00e0s 18h) e incluir o almo\u00e7o! Neste [&hellip;]<\/p>\n","protected":false},"author":1,"featured_media":0,"parent":0,"menu_order":0,"comment_status":"open","ping_status":"closed","template":"","meta":{"site-sidebar-layout":"default","site-content-layout":"default","ast-site-content-layout":"normal-width-container","site-content-style":"default","site-sidebar-style":"default","ast-global-header-display":"","ast-banner-title-visibility":"","ast-main-header-display":"","ast-hfb-above-header-display":"","ast-hfb-below-header-display":"","ast-hfb-mobile-header-display":"","site-post-title":"","ast-breadcrumbs-content":"","ast-featured-img":"","footer-sml-layout":"","theme-transparent-header-meta":"default","adv-header-id-meta":"","stick-header-meta":"","header-above-stick-meta":"","header-main-stick-meta":"","header-below-stick-meta":"","astra-migrate-meta-layouts":"set","ast-page-background-enabled":"default","ast-page-background-meta":{"desktop":{"background-color":"","background-image":"","background-repeat":"repeat","background-position":"center center","background-size":"auto","background-attachment":"scroll","background-type":"","background-media":"","overlay-type":"","overlay-color":"","overlay-opacity":"","overlay-gradient":""},"tablet":{"background-color":"","background-image":"","background-repeat":"repeat","background-position":"center center","background-size":"auto","background-attachment":"scroll","background-type":"","background-media":"","overlay-type":"","overlay-color":"","overlay-opacity":"","overlay-gradient":""},"mobile":{"background-color":"","background-image":"","background-repeat":"repeat","background-position":"center center","background-size":"auto","background-attachment":"scroll","background-type":"","background-media":"","overlay-type":"","overlay-color":"","overlay-opacity":"","overlay-gradient":""}},"ast-content-background-meta":{"desktop":{"background-color":"var(--ast-global-color-5)","background-image":"","background-repeat":"repeat","background-position":"center center","background-size":"auto","background-attachment":"scroll","background-type":"","background-media":"","overlay-type":"","overlay-color":"","overlay-opacity":"","overlay-gradient":""},"tablet":{"background-color":"var(--ast-global-color-5)","background-image":"","background-repeat":"repeat","background-position":"center center","background-size":"auto","background-attachment":"scroll","background-type":"","background-media":"","overlay-type":"","overlay-color":"","overlay-opacity":"","overlay-gradient":""},"mobile":{"background-color":"var(--ast-global-color-5)","background-image":"","background-repeat":"repeat","background-position":"center center","background-size":"auto","background-attachment":"scroll","background-type":"","background-media":"","overlay-type":"","overlay-color":"","overlay-opacity":"","overlay-gradient":""}},"footnotes":""},"class_list":["post-58","page","type-page","status-publish","hentry"],"_links":{"self":[{"href":"https:\/\/www.formula.pt\/cms\/wp-json\/wp\/v2\/pages\/58","targetHints":{"allow":["GET"]}}],"collection":[{"href":"https:\/\/www.formula.pt\/cms\/wp-json\/wp\/v2\/pages"}],"about":[{"href":"https:\/\/www.formula.pt\/cms\/wp-json\/wp\/v2\/types\/page"}],"author":[{"embeddable":true,"href":"https:\/\/www.formula.pt\/cms\/wp-json\/wp\/v2\/users\/1"}],"replies":[{"embeddable":true,"href":"https:\/\/www.formula.pt\/cms\/wp-json\/wp\/v2\/comments?post=58"}],"version-history":[{"count":62,"href":"https:\/\/www.formula.pt\/cms\/wp-json\/wp\/v2\/pages\/58\/revisions"}],"predecessor-version":[{"id":1487,"href":"https:\/\/www.formula.pt\/cms\/wp-json\/wp\/v2\/pages\/58\/revisions\/1487"}],"wp:attachment":[{"href":"https:\/\/www.formula.pt\/cms\/wp-json\/wp\/v2\/media?parent=58"}],"curies":[{"name":"wp","href":"https:\/\/api.w.org\/{rel}","templated":true}]}}